{"id":19,"date":"2016-02-16T11:40:28","date_gmt":"2016-02-16T10:40:28","guid":{"rendered":"http:\/\/test.associazionedariosimonetti.org\/?page_id=19"},"modified":"2025-02-18T17:49:51","modified_gmt":"2025-02-18T16:49:51","slug":"il-mirto","status":"publish","type":"page","link":"http:\/\/elbacasavacanza.it\/fr\/le-case\/il-mirto\/","title":{"rendered":"Il mirto"},"content":{"rendered":"<p><div class=\"photocrati_nojava\" id=\"gal_images_19_2\"><a href=\"http:\/\/elbacasavacanza.it\/wp-content\/uploads\/galleries\/post-19\/DSC_0213-1.jpg\" class=\"decoy\" id=\"img_19_2_1\"  rel=\"lightbox[19] gallery_19_2\"><img src=\"http:\/\/elbacasavacanza.it\/wp-content\/uploads\/galleries\/post-19\/thumbnails\/DSC_0213-1.jpg\" alt=\"DSC_0213-1.jpg\" \/><\/a><a href=\"http:\/\/elbacasavacanza.it\/wp-content\/uploads\/galleries\/post-19\/DSC_0219-1.jpg\" class=\"decoy\" id=\"img_19_2_2\"  rel=\"lightbox[19] gallery_19_2\"><img src=\"http:\/\/elbacasavacanza.it\/wp-content\/uploads\/galleries\/post-19\/thumbnails\/DSC_0219-1.jpg\" alt=\"DSC_0219-1.jpg\" \/><\/a><a href=\"http:\/\/elbacasavacanza.it\/wp-content\/uploads\/galleries\/post-19\/DSC_0223-1.jpg\" class=\"decoy\" id=\"img_19_2_3\"  rel=\"lightbox[19] gallery_19_2\"><img src=\"http:\/\/elbacasavacanza.it\/wp-content\/uploads\/galleries\/post-19\/thumbnails\/DSC_0223-1.jpg\" alt=\"DSC_0223-1.jpg\" \/><\/a><a href=\"http:\/\/elbacasavacanza.it\/wp-content\/uploads\/galleries\/post-19\/DSC_0226-1.jpg\" class=\"decoy\" id=\"img_19_2_4\"  rel=\"lightbox[19] gallery_19_2\"><img src=\"http:\/\/elbacasavacanza.it\/wp-content\/uploads\/galleries\/post-19\/thumbnails\/DSC_0226-1.jpg\" alt=\"DSC_0226-1.jpg\" \/><\/a><a href=\"http:\/\/elbacasavacanza.it\/wp-content\/uploads\/galleries\/post-19\/DSC_0233-1.jpg\" class=\"decoy\" id=\"img_19_2_5\"  rel=\"lightbox[19] gallery_19_2\"><img src=\"http:\/\/elbacasavacanza.it\/wp-content\/uploads\/galleries\/post-19\/thumbnails\/DSC_0233-1.jpg\" alt=\"DSC_0233-1.jpg\" \/><\/a><a href=\"http:\/\/elbacasavacanza.it\/wp-content\/uploads\/galleries\/post-19\/DSC_0243-1.jpg\" class=\"decoy\" id=\"img_19_2_6\"  rel=\"lightbox[19] gallery_19_2\"><img src=\"http:\/\/elbacasavacanza.it\/wp-content\/uploads\/galleries\/post-19\/thumbnails\/DSC_0243-1.jpg\" alt=\"DSC_0243-1.jpg\" \/><\/a><a href=\"http:\/\/elbacasavacanza.it\/wp-content\/uploads\/galleries\/post-19\/DSC_0247-1.jpg\" class=\"decoy\" id=\"img_19_2_7\"  rel=\"lightbox[19] gallery_19_2\"><img src=\"http:\/\/elbacasavacanza.it\/wp-content\/uploads\/galleries\/post-19\/thumbnails\/DSC_0247-1.jpg\" alt=\"DSC_0247-1.jpg\" \/><\/a><a href=\"http:\/\/elbacasavacanza.it\/wp-content\/uploads\/galleries\/post-19\/DSC_0251-1.jpg\" class=\"decoy\" id=\"img_19_2_8\"  rel=\"lightbox[19] gallery_19_2\"><img src=\"http:\/\/elbacasavacanza.it\/wp-content\/uploads\/galleries\/post-19\/thumbnails\/DSC_0251-1.jpg\" alt=\"DSC_0251-1.jpg\" \/><\/a><a href=\"http:\/\/elbacasavacanza.it\/wp-content\/uploads\/galleries\/post-19\/DSC_1006-1.jpg\" class=\"decoy\" id=\"img_19_2_9\"  rel=\"lightbox[19] gallery_19_2\"><img src=\"http:\/\/elbacasavacanza.it\/wp-content\/uploads\/galleries\/post-19\/thumbnails\/DSC_1006-1.jpg\" alt=\"DSC_1006-1.jpg\" \/><\/a><\/div><script type=\"text\/javascript\">\r\n\t\tjQuery.noConflict();\r\n\t\tjQuery(\"#gal_images_19_2\").hide();\r\n\r\n\t\tfunction iframe_19_2_loaded()\r\n\t\t{\r\n\t\t\tvar iframe = jQuery(\"#g19_2\");\r\n\t\t\tvar height = iframe.contents().find('#content').height();\r\n\t\t\tiframe.height(height);\r\n\t\t}\r\n\t<\/script><div class=\"iframe_wrapper\"><script type=\"text\/javascript\">\r\ndocument.write ('<iframe id=\"g19_2\" allowtransparency=\"true\" src=\"http:\/\/elbacasavacanza.it\/index.php?display_gallery_iframe&amp;gal_id=19_2&amp;gal_type=1&amp;gal_cap=OFF&amp;gal_page=false&amp;page_template=false&amp;bg=f2f7fa\" scrolling=\"no\" width=\"100%\" frameborder=\"0\" style=\"margin:0 auto;padding:0;border:0;clear:both;background:transparent;\"><\/iframe>');\r\n<\/script><\/div><\/p>\n<p style=\"text-align: justify;\">L\u2019appartement est situ\u00e9 au rez-de-chauss\u00e9e, et poss\u00e8de deux chambres, une chambre \u00e0 grand lit ( plus un lit \u00e0 une place ) et une chambre \u00e0 deux lits, une salle de bain avec douche, une cuisine tr\u00e8s ample et un jardin.<\/p>\n<p><iframe loading=\"lazy\" style=\"border: 0;\" src=\"https:\/\/www.google.com\/maps\/embed?pb=!1m18!1m12!1m3!1d2927.7448116474006!2d10.115155550165056!3d42.7937443790578!2m3!1f0!2f0!3f0!3m2!1i1024!2i768!4f13.1!3m3!1m2!1s0x12d64dce3188c4a3%3A0x99f7476e18162e26!2sVia+il+Faro%2C+9%2C+57030+Patresi+LI!5e0!3m2!1sit!2sit!4v1518959077392\" width=\"530\" height=\"450\" frameborder=\"0\" allowfullscreen=\"allowfullscreen\"><\/iframe><\/p>","protected":false},"excerpt":{"rendered":"<p>L\u2019appartement est situ\u00e9 au rez-de-chauss\u00e9e, et poss\u00e8de deux chambres, une chambre \u00e0 grand lit ( plus un lit \u00e0 une place ) et une chambre \u00e0 deux lits, une salle de bain avec douche, une cuisine tr\u00e8s ample et un jardin.<\/p>\n","protected":false},"author":1,"featured_media":0,"parent":15,"menu_order":0,"comment_status":"closed","ping_status":"closed","template":"","meta":{"spay_email":""},"jetpack_sharing_enabled":true,"_links":{"self":[{"href":"http:\/\/elbacasavacanza.it\/fr\/wp-json\/wp\/v2\/pages\/19"}],"collection":[{"href":"http:\/\/elbacasavacanza.it\/fr\/wp-json\/wp\/v2\/pages"}],"about":[{"href":"http:\/\/elbacasavacanza.it\/fr\/wp-json\/wp\/v2\/types\/page"}],"author":[{"embeddable":true,"href":"http:\/\/elbacasavacanza.it\/fr\/wp-json\/wp\/v2\/users\/1"}],"replies":[{"embeddable":true,"href":"http:\/\/elbacasavacanza.it\/fr\/wp-json\/wp\/v2\/comments?post=19"}],"version-history":[{"count":21,"href":"http:\/\/elbacasavacanza.it\/fr\/wp-json\/wp\/v2\/pages\/19\/revisions"}],"predecessor-version":[{"id":637,"href":"http:\/\/elbacasavacanza.it\/fr\/wp-json\/wp\/v2\/pages\/19\/revisions\/637"}],"up":[{"embeddable":true,"href":"http:\/\/elbacasavacanza.it\/fr\/wp-json\/wp\/v2\/pages\/15"}],"wp:attachment":[{"href":"http:\/\/elbacasavacanza.it\/fr\/wp-json\/wp\/v2\/media?parent=19"}],"curies":[{"name":"wp","href":"https:\/\/api.w.org\/{rel}","templated":true}]}}