{"id":15,"date":"2016-02-16T11:38:24","date_gmt":"2016-02-16T10:38:24","guid":{"rendered":"http:\/\/test.associazionedariosimonetti.org\/?page_id=15"},"modified":"2025-02-18T17:58:42","modified_gmt":"2025-02-18T16:58:42","slug":"le-case","status":"publish","type":"page","link":"http:\/\/elbacasavacanza.it\/de\/le-case\/","title":{"rendered":"Unsere Wohnungen"},"content":{"rendered":"<p><iframe loading=\"lazy\" src=\"https:\/\/www.google.com\/maps\/embed?pb=!1m18!1m12!1m3!1d2927.7448116474006!2d10.115155550165056!3d42.7937443790578!2m3!1f0!2f0!3f0!3m2!1i1024!2i768!4f13.1!3m3!1m2!1s0x12d64dce3188c4a3%3A0x99f7476e18162e26!2sVia+il+Faro%2C+9%2C+57030+Patresi+LI!5e0!3m2!1sit!2sit!4v1518959077392\" width=\"930\" height=\"450\" frameborder=\"0\" allowfullscreen=\"allowfullscreen\"><\/iframe><\/p>\n<p style=\"text-align: justify;\">Die Ferienwohnungen in unserer Villa mit Meerblick sind voneinander unabh\u00e4ngig und verf\u00fcgen \u00fcber Terrasse und Garten, privaten Parkplatz sowie Bootsliegeplatz. Sie sind vollst\u00e4ndig ausgestattet und verf\u00fcgen \u00fcber Heizung und Farbfernsehger\u00e4t.<\/p>\n<p>\u00a0<\/p>","protected":false},"excerpt":{"rendered":"<p>Die Ferienwohnungen in unserer Villa mit Meerblick sind voneinander unabh\u00e4ngig und verf\u00fcgen \u00fcber Terrasse und Garten, privaten Parkplatz sowie Bootsliegeplatz. Sie sind vollst\u00e4ndig ausgestattet und verf\u00fcgen \u00fcber Heizung und Farbfernsehger\u00e4t. \u00a0<\/p>\n","protected":false},"author":1,"featured_media":0,"parent":0,"menu_order":0,"comment_status":"closed","ping_status":"closed","template":"","meta":{"spay_email":""},"jetpack_sharing_enabled":true,"_links":{"self":[{"href":"http:\/\/elbacasavacanza.it\/de\/wp-json\/wp\/v2\/pages\/15"}],"collection":[{"href":"http:\/\/elbacasavacanza.it\/de\/wp-json\/wp\/v2\/pages"}],"about":[{"href":"http:\/\/elbacasavacanza.it\/de\/wp-json\/wp\/v2\/types\/page"}],"author":[{"embeddable":true,"href":"http:\/\/elbacasavacanza.it\/de\/wp-json\/wp\/v2\/users\/1"}],"replies":[{"embeddable":true,"href":"http:\/\/elbacasavacanza.it\/de\/wp-json\/wp\/v2\/comments?post=15"}],"version-history":[{"count":26,"href":"http:\/\/elbacasavacanza.it\/de\/wp-json\/wp\/v2\/pages\/15\/revisions"}],"predecessor-version":[{"id":642,"href":"http:\/\/elbacasavacanza.it\/de\/wp-json\/wp\/v2\/pages\/15\/revisions\/642"}],"wp:attachment":[{"href":"http:\/\/elbacasavacanza.it\/de\/wp-json\/wp\/v2\/media?parent=15"}],"curies":[{"name":"wp","href":"https:\/\/api.w.org\/{rel}","templated":true}]}}